{"id":4165,"date":"2025-02-03T15:17:56","date_gmt":"2025-02-03T14:17:56","guid":{"rendered":"http:\/\/169.254.1.50\/?page_id=4165"},"modified":"2025-07-02T09:25:35","modified_gmt":"2025-07-02T09:25:35","slug":"szemeszet-szakrendeles","status":"publish","type":"page","link":"https:\/\/siokorhaz.hu\/?page_id=4165","title":{"rendered":"Szem\u00e9szet szakrendel\u00e9s"},"content":{"rendered":"<p><strong>Szem\u00e9szet szakrendel\u00e9s<\/strong><\/p>\n<p>A szem\u00e9szeti szakrendel\u00e9s keretein bel\u00fcl \u00e1ltal\u00e1nos szem\u00e9szeti- \u00e9s gyermekszem\u00e9szeti ell\u00e1t\u00e1s, illetve munka alkalmass\u00e1gi vizsg\u00e1latok vehet\u0151k ig\u00e9nybe. Az ell\u00e1t\u00e1s el\u0151zetes bejelentkez\u00e9s alapj\u00e1n t\u00f6rt\u00e9nik.<\/p>\n<p>Akut betegek ell\u00e1t\u00e1sa (gyullad\u00e1s, s\u00e9r\u00fcl\u00e9s, hirtelen l\u00e1t\u00e1sroml\u00e1s) bejelentkez\u00e9s nem sz\u00fcks\u00e9ges.<\/p>\n<p>Az ilyen jelleg\u0171 panaszokkal \u00e9rkez\u0151 betegeket rendel\u00e9si id\u0151ben a lehet\u0151 leghamarabb l\u00e1tjuk el.<\/p>\n<p>Szem\u00e9szeti \u00fcgyeleti ell\u00e1t\u00e1s nincs.<\/p>\n<p>Bejelentkez\u00e9s: k\u00f6zponti beteginform\u00e1ci\u00f3s irod\u00e1n kereszt\u00fcl.<\/p>\n<p><strong>A rendel\u00e9s elhelyezked\u00e9se, el\u00e9rhet\u0151s\u00e9gek<\/strong><\/p>\n<p>Si\u00f3foki K\u00f3rh\u00e1z- Rendel\u0151int\u00e9zet<\/p>\n<p>8600 Si\u00f3fok, Semmelweis u. 1. \u00a0E \u00e9p\u00fclet 1. emelet 22. ajt\u00f3<\/p>\n<p>Telefon: 06-84-501-700<\/p>\n<p>E-mail: <a href=\"mailto:szemeszet@siokorhaz.hu\">szemeszet@siokorhaz.hu<\/a><\/p>\n<p>Rendel\u00e9si id\u0151: H\u00e9tf\u0151t\u0151l \u2013 p\u00e9ntekig: 8.00 &#8211; 14.00<\/p>\n<p>Rendel:<\/p>\n<p>H\u00e9tf\u0151:\u00a0\u00a0\u00a0\u00a0\u00a0\u00a0\u00a0\u00a0\u00a0\u00a0\u00a0\u00a0 Dr. Cz\u00e1r Andrea<\/p>\n<p>Kedd:\u00a0\u00a0\u00a0\u00a0\u00a0\u00a0\u00a0\u00a0\u00a0\u00a0\u00a0\u00a0 Dr. Cz\u00e1r Andrea<\/p>\n<p>Szerda:\u00a0\u00a0\u00a0\u00a0\u00a0\u00a0\u00a0\u00a0\u00a0\u00a0\u00a0 Dr. Perl\u00e9nyi Krisztina<\/p>\n<p>Cs\u00fct\u00f6rt\u00f6k:\u00a0\u00a0\u00a0\u00a0\u00a0\u00a0 Dr. Mak\u00e1ry Gy\u00f6rgyi<\/p>\n<p>P\u00e9ntek:\u00a0\u00a0\u00a0\u00a0\u00a0\u00a0\u00a0\u00a0\u00a0\u00a0\u00a0 Dr. Cz\u00e1r Andrea<\/p>\n<p><strong>Szem\u00e9szeti Ambulancia<\/strong><\/p>\n<p>M\u0171t\u00e9ten \u00e1tesett, valamint speci\u00e1lis ell\u00e1t\u00e1st ig\u00e9nyl\u0151 betegek vizsg\u00e1lat\u00e1t v\u00e9gezz\u00fck.<\/p>\n<p>P\u00e9ld\u00e1ul:<\/p>\n<ul>\n<li>YAG-l\u00e9zer,<\/li>\n<li>fluorescein angiogr\u00e1fia,<\/li>\n<li>szemfen\u00e9ki l\u00e9zer kezel\u00e9s,<\/li>\n<li>OCT,<\/li>\n<li>szem\u00e9szeti ultrahang.<\/li>\n<\/ul>\n<p><strong>\u00a0<\/strong><\/p>\n<p><strong>Az ambulancia elhelyezked\u00e9se, el\u00e9rhet\u0151s\u00e9gek<\/strong><\/p>\n<p>Si\u00f3foki K\u00f3rh\u00e1z- Rendel\u0151int\u00e9zet<\/p>\n<p>8600 Si\u00f3fok, Semmelweis u. 1. F\u0151 \u00e9p\u00fclet, 5. emelet<\/p>\n<p>Telefon: 06-84-501-739<\/p>\n<p>E-mail: <a href=\"mailto:szemeszet@siokorhaz.hu\">szemeszet@siokorhaz.hu<\/a><\/p>\n<p>Rendel\u00e9si id\u0151:<\/p>\n<p>H\u00e9tf\u0151: 8.00 &#8211; 13.00<\/p>\n<p>Szerda: 8.00 &#8211; 13.00\u00a0\u00a0<\/p>\n<p>Cs\u00fct\u00f6rt\u00f6k: 8.00 &#8211; 12.00<\/p>\n<p>P\u00e9ntek: 8.00 &#8211; 12.00\u00a0\u00a0<\/p>\n\n\n<div style=\"color:#ddd\" class=\"wp-block-genesis-blocks-gb-spacer gb-block-spacer gb-divider-solid gb-divider-size-1\"><hr style=\"height:30px\"\/><\/div>\n\n\n\n<div style=\"color:#32373c;background-color:#00d1b2\" class=\"wp-block-genesis-blocks-gb-notice gb-font-size-18 gb-block-notice\" data-id=\"5e5432\"><div class=\"gb-notice-text\" style=\"border-color:#00d1b2\"><div data-post-id=\"5155\" class=\"insert-page insert-page-5155 \"><h2>Szem\u00e9szet szakrendel\u00e9s<\/h2>\n<img loading=\"lazy\" decoding=\"async\" src=\"https:\/\/siokorhaz.hu\/wp-content\/uploads\/2025\/01\/korhaz_epuletek-1024x724.png\" sizes=\"auto, (max-width: 1024px) 100vw, 1024px\" srcset=\"https:\/\/siokorhaz.hu\/wp-content\/uploads\/2025\/01\/korhaz_epuletek-1024x724.png 1024w, https:\/\/siokorhaz.hu\/wp-content\/uploads\/2025\/01\/korhaz_epuletek-300x212.png 300w, https:\/\/siokorhaz.hu\/wp-content\/uploads\/2025\/01\/korhaz_epuletek-768x543.png 768w, https:\/\/siokorhaz.hu\/wp-content\/uploads\/2025\/01\/korhaz_epuletek-750x530.png 750w, https:\/\/siokorhaz.hu\/wp-content\/uploads\/2025\/01\/korhaz_epuletek-540x382.png 540w, https:\/\/siokorhaz.hu\/wp-content\/uploads\/2025\/01\/korhaz_epuletek.png 1110w\" alt=\"\" width=\"1024\" height=\"724\" \/>\n<table>\n<thead>\n<tr>\n<th colspan=\"2\">RENDEL\u00c9SI ID\u0150<\/th>\n<\/tr>\n<\/thead>\n<tbody>\n<tr>\n<td>H\u00c9TF\u0150<\/td>\n<td>8<sup>00<\/sup> &#8211; 14<sup>00<\/sup><\/td>\n<\/tr>\n<tr>\n<td>KEDD<\/td>\n<td>8<sup>00<\/sup> &#8211; 14<sup>00<\/sup><\/td>\n<\/tr>\n<tr>\n<td>SZERDA<\/td>\n<td>8<sup>00<\/sup> &#8211; 14<sup>00<\/sup><\/td>\n<\/tr>\n<tr>\n<td>CS\u00dcT\u00d6RT\u00d6K<\/td>\n<td>8<sup>00<\/sup> &#8211; 14<sup>00<\/sup><\/td>\n<\/tr>\n<tr>\n<td>P\u00c9NTEK<\/td>\n<td>8<sup>00<\/sup> &#8211; 14<sup>00<\/sup><\/td>\n<\/tr>\n<\/tbody>\n<\/table>\n<p style=\"text-align: center;\"><a href=\"#\">Rendel\u00e9s Helye\n&#8222;E&#8221;.\u00e9p\u00fclet, 1. emelet, 22.ajt\u00f3<\/a><\/p>\n<p style=\"text-align: center;\"><a href=\"#\">K\u00f6zponti el\u0151jegyz\u00e9s\n84\/501-793\n<\/a><\/p>\n<p style=\"text-align: center;\"><a href=\"#\">E-mail\nszemeszetszr@siokorhaz.hu\n<\/a><\/p>\n<p style=\"text-align: center;\"><a href=\"#\">Beutal\u00f3 k\u00f6teles\nnem\n<\/a><\/p><\/div>\n<\/div><\/div>\n","protected":false},"excerpt":{"rendered":"<p>Szem\u00e9szet szakrendel\u00e9s A szem\u00e9szeti szakrendel\u00e9s keretein bel\u00fcl \u00e1ltal\u00e1nos szem\u00e9szeti- \u00e9s gyermekszem\u00e9szeti ell\u00e1t\u00e1s, illetve munka alkalmass\u00e1gi vizsg\u00e1latok vehet\u0151k ig\u00e9nybe. Az ell\u00e1t\u00e1s el\u0151zetes bejelentkez\u00e9s alapj\u00e1n t\u00f6rt\u00e9nik. Akut betegek ell\u00e1t\u00e1sa (gyullad\u00e1s, s\u00e9r\u00fcl\u00e9s, hirtelen l\u00e1t\u00e1sroml\u00e1s) bejelentkez\u00e9s nem sz\u00fcks\u00e9ges. Az ilyen jelleg\u0171 panaszokkal \u00e9rkez\u0151 betegeket rendel\u00e9si id\u0151ben a lehet\u0151 leghamarabb l\u00e1tjuk el. Szem\u00e9szeti \u00fcgyeleti ell\u00e1t\u00e1s nincs. Bejelentkez\u00e9s: k\u00f6zponti beteginform\u00e1ci\u00f3s irod\u00e1n [&hellip;]<\/p>\n","protected":false},"author":1,"featured_media":4742,"parent":0,"menu_order":0,"comment_status":"closed","ping_status":"closed","template":"","meta":{"_genesis_hide_title":false,"_genesis_hide_breadcrumbs":false,"_genesis_hide_singular_image":false,"_genesis_hide_footer_widgets":false,"_genesis_custom_body_class":"","_genesis_custom_post_class":"","_genesis_layout":"","footnotes":""},"class_list":{"0":"post-4165","1":"page","2":"type-page","3":"status-publish","4":"has-post-thumbnail","6":"entry"},"featured_image_src":"https:\/\/siokorhaz.hu\/wp-content\/uploads\/2025\/02\/eye-doctor-appointment-600x400.jpeg","featured_image_src_square":"https:\/\/siokorhaz.hu\/wp-content\/uploads\/2025\/02\/eye-doctor-appointment-600x600.jpeg","_links":{"self":[{"href":"https:\/\/siokorhaz.hu\/index.php?rest_route=\/wp\/v2\/pages\/4165","targetHints":{"allow":["GET"]}}],"collection":[{"href":"https:\/\/siokorhaz.hu\/index.php?rest_route=\/wp\/v2\/pages"}],"about":[{"href":"https:\/\/siokorhaz.hu\/index.php?rest_route=\/wp\/v2\/types\/page"}],"author":[{"embeddable":true,"href":"https:\/\/siokorhaz.hu\/index.php?rest_route=\/wp\/v2\/users\/1"}],"replies":[{"embeddable":true,"href":"https:\/\/siokorhaz.hu\/index.php?rest_route=%2Fwp%2Fv2%2Fcomments&post=4165"}],"version-history":[{"count":2,"href":"https:\/\/siokorhaz.hu\/index.php?rest_route=\/wp\/v2\/pages\/4165\/revisions"}],"predecessor-version":[{"id":6695,"href":"https:\/\/siokorhaz.hu\/index.php?rest_route=\/wp\/v2\/pages\/4165\/revisions\/6695"}],"wp:featuredmedia":[{"embeddable":true,"href":"https:\/\/siokorhaz.hu\/index.php?rest_route=\/wp\/v2\/media\/4742"}],"wp:attachment":[{"href":"https:\/\/siokorhaz.hu\/index.php?rest_route=%2Fwp%2Fv2%2Fmedia&parent=4165"}],"curies":[{"name":"wp","href":"https:\/\/api.w.org\/{rel}","templated":true}]}}