{"id":4121,"date":"2025-02-03T12:20:52","date_gmt":"2025-02-03T11:20:52","guid":{"rendered":"http:\/\/169.254.1.50\/?page_id=4121"},"modified":"2025-06-16T19:13:15","modified_gmt":"2025-06-16T19:13:15","slug":"foglalkozas-egeszsegugyi-szolgalat","status":"publish","type":"page","link":"https:\/\/siokorhaz.hu\/?page_id=4121","title":{"rendered":"Foglalkoz\u00e1s-eg\u00e9szs\u00e9g\u00fcgyi szolg\u00e1lat"},"content":{"rendered":"<p><strong>Foglalkoz\u00e1s-eg\u00e9szs\u00e9g\u00fcgyi szolg\u00e1lat<\/strong><\/p>\n<p>A szervezeti egys\u00e9g feladata a Si\u00f3foki K\u00f3rh\u00e1z-Rendel\u0151int\u00e9zet \u00e9s az int\u00e9zm\u00e9nnyel szerz\u0151d\u00e9st k\u00f6t\u0151 munk\u00e1ltat\u00f3k dolgoz\u00f3inak foglalkoz\u00e1s-eg\u00e9szs\u00e9g\u00fcgyi alapell\u00e1t\u00e1sa.<\/p>\n<p><strong>Foglalkoz\u00e1s-eg\u00e9szs\u00e9g\u00fcgyi alapell\u00e1t\u00e1si feladatok:<\/strong><\/p>\n<ul>\n<li>Munkak\u00f6ri alkalmass\u00e1gi vizsg\u00e1latok<\/li>\n<li>A munkav\u00e9gz\u00e9s eg\u00e9szs\u00e9gk\u00e1ros\u00edt\u00f3 hat\u00e1sainak vizsg\u00e1lata \/javaslat a munk\u00e1ltat\u00f3k fel\u00e9.<\/li>\n<li>Munkak\u00f6r\u00fclm\u00e9nyekkel, higi\u00e9n\u00e9s feladatokkal kapcsolatos tan\u00e1csad\u00e1s.<\/li>\n<li>K\u00f6zrem\u0171k\u00f6d\u00e9s a munkahelyi vesz\u00e9lyforr\u00e1sok felt\u00e1r\u00e1s\u00e1ban.<\/li>\n<li>K\u00f6zrem\u0171k\u00f6d\u00e9s a foglalkoz\u00e1s-eg\u00e9szs\u00e9g\u00fcgyi-, fiziol\u00f3giai-, ergon\u00f3miai-, higi\u00e9n\u00e9s feladatok megold\u00e1s\u00e1ban.<\/li>\n<li>Foglalkoz\u00e1si megbeteged\u00e9s, fokozott expoz\u00edci\u00f3, munkabalesetek bejelent\u00e9se, kivizsg\u00e1l\u00e1sa.<\/li>\n<li>K\u00f6zrem\u0171k\u00f6d\u00e9s az els\u0151seg\u00e9lyny\u00fajt\u00e1s \u00e9s a s\u00fcrg\u0151s orvosi ell\u00e1t\u00e1s megszervez\u00e9s\u00e9ben, az els\u0151seg\u00e9lyny\u00fajt\u00f3k szakmai felk\u00e9sz\u00edt\u00e9s\u00e9ben.<\/li>\n<li>K\u00f6zrem\u0171k\u00f6d\u00e9s a munk\u00e1ltat\u00f3 katasztr\u00f3fa-megel\u0151z\u0151, -elh\u00e1r\u00edt\u00f3, -felsz\u00e1mol\u00f3-, \u00e9s az el\u0151id\u00e9zett k\u00e1rosod\u00e1sok rehabilit\u00e1ci\u00f3s terv\u00e9nek kidolgoz\u00e1s\u00e1ban.<\/li>\n<li>fok\u00fa alkalmass\u00e1gi csoportba tartoz\u00f3 k\u00f6z\u00fati g\u00e9pj\u00e1rm\u0171vezet\u0151 eg\u00e9szs\u00e9g\u00fcgyi alkalmass\u00e1gi vizsg\u00e1lat\u00e1nak v\u00e9gz\u00e9se.<\/li>\n<\/ul>\n<p><strong>\u00dczemorvos<\/strong><\/p>\n<ol>\n<li>Mih\u00e1ly P\u00e9ter<\/li>\n<\/ol>\n<p><strong>\u00a0<\/strong><\/p>\n<p><strong>Rendel\u00e9s helye, el\u00e9rhet\u0151s\u00e9gek<\/strong><\/p>\n<p>Si\u00f3foki K\u00f3rh\u00e1z-Rendel\u0151int\u00e9zet<\/p>\n<p>8600 Si\u00f3fok, Semmelweis u. 1., E \u00e9p\u00fclet, f\u00f6ldszint 22. ajt\u00f3<\/p>\n<p>Telefon: +36 84 501 700\/141 mell\u00e9k<\/p>\n<p>E-mail: <a href=\"mailto:mihaly.peter@siokorhaz.hu\">mihaly.peter@siokorhaz.hu<\/a><\/p>\n<p><strong>\u00a0<\/strong><\/p>\n<p><strong>Id\u0151pontfoglal\u00e1s<\/strong><\/p>\n<p>On-line id\u0151pontfoglal\u00f3 oldalon kereszt\u00fcl:<\/p>\n<p><a href=\"https:\/\/app.minup.io\/book\/siofoki-korhaz-uzemorvos\">https:\/\/app.minup.io\/book\/siofoki-korhaz-uzemorvos<\/a><\/p>\n<p>Telefonos id\u0151pont egyeztet\u00e9s alapj\u00e1n.<\/p>\n<p><strong>\u00a0<\/strong><\/p>\n<p><strong>Rendel\u00e9si id\u0151<\/strong><\/p>\n<p>H\u00e9tf\u0151: &#8211;<\/p>\n<p>Kedd: 8.00-11.00<\/p>\n<p>szerda: 8.00-11.00<\/p>\n<p>Cs\u00fct\u00f6rt\u00f6k: &#8211;<\/p>\n<p>P\u00e9ntek: 8.00-11.00<\/p>\n<p><\/p>\n<p class=\"has-text-align-center\"><strong>Rendel\u0151 orvosaink<\/strong><\/p>\n<p> <\/p>\n<figure class=\"wp-block-table\">\n<table class=\"has-fixed-layout\">\n<thead>\n<tr>\n<th>h\u00e9tf\u0151<\/th>\n<th>kedd<\/th>\n<th>szerda<\/th>\n<th>cs\u00fct\u00f6rt\u00f6k<\/th>\n<th>p\u00e9ntek<\/th>\n<\/tr>\n<\/thead>\n<tbody>\n<tr>\n<td>\u00a0<\/td>\n<td>\n<table width=\"241\">\n<tbody>\n<tr>\n<td width=\"241\">Dr. Mih\u00e1ly P\u00e9ter<\/td>\n<\/tr>\n<\/tbody>\n<\/table>\n<\/td>\n<td>\n<table width=\"241\">\n<tbody>\n<tr>\n<td width=\"241\">Dr. Mih\u00e1ly P\u00e9ter<\/td>\n<\/tr>\n<\/tbody>\n<\/table>\n<\/td>\n<td>\u00a0<\/td>\n<td>\n<table width=\"241\">\n<tbody>\n<tr>\n<td width=\"241\">Dr. Mih\u00e1ly P\u00e9ter<\/td>\n<\/tr>\n<\/tbody>\n<\/table>\n<\/td>\n<\/tr>\n<\/tbody>\n<\/table>\n<\/figure>\n<p><\/p>\n<p><strong>A vizsg\u00e1lathoz sz\u00fcks\u00e9g van a munk\u00e1ltat\u00f3 \u00e1ltal helyesen \u00e9s hi\u00e1nytalanul kit\u00f6lt\u00f6tt \u201eBeutal\u00e1s munkak\u00f6ri orvosi alkalmass\u00e1gi vizsg\u00e1latra\u201d nyomtatv\u00e1nyra!<\/strong><\/p>\n<h2>\u00a0<\/h2>\n\n\n<div style=\"background-color:#f2f2f2;color:#32373c\" class=\"wp-block-genesis-blocks-gb-profile-box square gb-has-avatar gb-font-size-18 gb-block-profile gb-profile-columns\"><div class=\"gb-profile-column gb-profile-avatar-wrap\"><div class=\"gb-profile-image-wrap\"><figure class=\"gb-profile-image-square\"><img loading=\"lazy\" decoding=\"async\" width=\"1920\" height=\"2560\" class=\"gb-profile-avatar wp-image-6303\" src=\"https:\/\/siokorhaz.hu\/wp-content\/uploads\/2025\/06\/dr.-Mihaly-Peter-scaled-1.jpg\" alt=\"\" srcset=\"https:\/\/siokorhaz.hu\/wp-content\/uploads\/2025\/06\/dr.-Mihaly-Peter-scaled-1.jpg 1920w, https:\/\/siokorhaz.hu\/wp-content\/uploads\/2025\/06\/dr.-Mihaly-Peter-scaled-1-225x300.jpg 225w, https:\/\/siokorhaz.hu\/wp-content\/uploads\/2025\/06\/dr.-Mihaly-Peter-scaled-1-768x1024.jpg 768w, https:\/\/siokorhaz.hu\/wp-content\/uploads\/2025\/06\/dr.-Mihaly-Peter-scaled-1-1152x1536.jpg 1152w, https:\/\/siokorhaz.hu\/wp-content\/uploads\/2025\/06\/dr.-Mihaly-Peter-scaled-1-1536x2048.jpg 1536w\" sizes=\"auto, (max-width: 1920px) 100vw, 1920px\" \/><\/figure><\/div><\/div><div class=\"gb-profile-column gb-profile-content-wrap\"><h2 class=\"gb-profile-name\" style=\"color:#32373c\"><a>Dr. <strong>Mih\u00e1ly P\u00e9ter<\/strong><\/a><\/h2><p class=\"gb-profile-title\" style=\"color:#32373c\"><small>&nbsp;\u00fczemorvos<\/small><\/p><div class=\"gb-profile-text\"><\/div><ul class=\"gb-social-links\"><\/ul><\/div><\/div>\n\n\n\n<div style=\"color:#ddd\" class=\"wp-block-genesis-blocks-gb-spacer gb-block-spacer gb-divider-solid gb-divider-size-1\"><hr style=\"height:30px\"\/><\/div>\n\n\n\n<div style=\"background-color:#f2f2f2;color:#32373c\" class=\"wp-block-genesis-blocks-gb-profile-box square gb-has-avatar gb-font-size-18 gb-block-profile gb-profile-columns\"><div class=\"gb-profile-column gb-profile-avatar-wrap\"><div class=\"gb-profile-image-wrap\"><figure class=\"gb-profile-image-square\"><img loading=\"lazy\" decoding=\"async\" width=\"1920\" height=\"2560\" class=\"gb-profile-avatar wp-image-6304\" src=\"https:\/\/siokorhaz.hu\/wp-content\/uploads\/2025\/06\/Horvath-Cecilia-scaled-1.jpg\" alt=\"\" srcset=\"https:\/\/siokorhaz.hu\/wp-content\/uploads\/2025\/06\/Horvath-Cecilia-scaled-1.jpg 1920w, https:\/\/siokorhaz.hu\/wp-content\/uploads\/2025\/06\/Horvath-Cecilia-scaled-1-225x300.jpg 225w, https:\/\/siokorhaz.hu\/wp-content\/uploads\/2025\/06\/Horvath-Cecilia-scaled-1-768x1024.jpg 768w, https:\/\/siokorhaz.hu\/wp-content\/uploads\/2025\/06\/Horvath-Cecilia-scaled-1-1152x1536.jpg 1152w, https:\/\/siokorhaz.hu\/wp-content\/uploads\/2025\/06\/Horvath-Cecilia-scaled-1-1536x2048.jpg 1536w\" sizes=\"auto, (max-width: 1920px) 100vw, 1920px\" \/><\/figure><\/div><\/div><div class=\"gb-profile-column gb-profile-content-wrap\"><h2 class=\"gb-profile-name\" style=\"color:#32373c\"><a><strong>Horv\u00e1t Cec\u00edlia<\/strong><\/a><\/h2><p class=\"gb-profile-title\" style=\"color:#32373c\"><small>&nbsp;asszisztens<\/small><\/p><div class=\"gb-profile-text\"><\/div><ul class=\"gb-social-links\"><\/ul><\/div><\/div>\n\n\n\n<div style=\"color:#ddd\" class=\"wp-block-genesis-blocks-gb-spacer gb-block-spacer gb-divider-solid gb-divider-size-1\"><hr style=\"height:30px\"\/><\/div>\n\n\n\n<div style=\"color:#ddd\" class=\"wp-block-genesis-blocks-gb-spacer gb-block-spacer gb-divider-solid gb-divider-size-1\"><hr style=\"height:30px\"\/><\/div>\n\n\n\n<div style=\"color:#32373c;background-color:#00d1b2\" class=\"wp-block-genesis-blocks-gb-notice gb-font-size-18 gb-block-notice\" data-id=\"5e5432\"><div class=\"gb-notice-text\" style=\"border-color:#00d1b2\"><div data-post-id=\"5029\" class=\"insert-page insert-page-5029 \"><h2>Foglalkoz\u00e1s-eg\u00e9szs\u00e9g\u00fcgyi szolg\u00e1lat<\/h2>\t\t\t\t\n\t\t\t\t\t\t\t\t\t\t\t\t\t\t\t<img loading=\"lazy\" decoding=\"async\" width=\"1024\" height=\"724\" src=\"https:\/\/siokorhaz.hu\/wp-content\/uploads\/2025\/01\/korhaz_epuletek-1024x724.png\" alt=\"\" srcset=\"https:\/\/siokorhaz.hu\/wp-content\/uploads\/2025\/01\/korhaz_epuletek-1024x724.png 1024w, https:\/\/siokorhaz.hu\/wp-content\/uploads\/2025\/01\/korhaz_epuletek-300x212.png 300w, https:\/\/siokorhaz.hu\/wp-content\/uploads\/2025\/01\/korhaz_epuletek-768x543.png 768w, https:\/\/siokorhaz.hu\/wp-content\/uploads\/2025\/01\/korhaz_epuletek-750x530.png 750w, https:\/\/siokorhaz.hu\/wp-content\/uploads\/2025\/01\/korhaz_epuletek-540x382.png 540w, https:\/\/siokorhaz.hu\/wp-content\/uploads\/2025\/01\/korhaz_epuletek.png 1110w\" sizes=\"auto, (max-width: 1024px) 100vw, 1024px\" \/>\t\t\t\t\t\t\t\t\t\t\t\t\t\t\t\n\t\t<table>\n<thead>\n<tr>\n<th colspan=\"2\">RENDEL\u00c9SI ID\u0150<\/th>\n<\/tr>\n<\/thead>\n<tbody>\n<tr>\n<td>H\u00c9TF\u0150<\/td>\n<td>&#8211;<\/td>\n<\/tr>\n<tr>\n<td>KEDD<\/td>\n<td>\u00a08<sup>00<\/sup> &#8211; 11<sup>00<\/sup><\/td>\n<\/tr>\n<tr>\n<td>SZERDA<\/td>\n<td>\u00a08<sup>00<\/sup> &#8211; 11<sup>00<\/sup><\/td>\n<\/tr>\n<tr>\n<td>CS\u00dcT\u00d6RT\u00d6K<\/td>\n<td>&#8211;<\/td>\n<\/tr>\n<tr>\n<td>P\u00c9NTEK<\/td>\n<td>\u00a08<sup>00<\/sup> &#8211; 11<sup>00<\/sup><\/td>\n<\/tr>\n<\/tbody>\n<\/table><p style=\"text-align: center;\"><a href=\"#\">Rendel\u00e9s Helye<br \/>E \u00e9p\u00fclet, f\u00f6ldszint, 22. ajt\u00f3<\/a><\/p><p style=\"text-align: center;\"><a href=\"#\">Telefon<br \/>84\/501 700\/141<br \/><\/a><\/p><p style=\"text-align: center;\"><a href=\"#\">E-mail<br \/>mihaly.peter@siokorhaz.hu<br \/><\/a><\/p><p style=\"text-align: center;\"><a href=\"#\">Id\u0151pontk\u00e9r\u00e9s<br \/>siofokikorhazuzemorvos@gmail.com<br \/><\/a><\/p><p style=\"text-align: center;\"><a href=\"https:\/\/app.minup.io\/book\/siofoki-korhaz-uzemorvos\">id\u0151pontfoglal\u00f3 rendszer\nhttps:\/\/app.minup.io\/book\/siofoki-korhaz-uzemorvos<\/a><\/p><\/div>\n<\/div><\/div>\n","protected":false},"excerpt":{"rendered":"<p>Foglalkoz\u00e1s-eg\u00e9szs\u00e9g\u00fcgyi szolg\u00e1lat A szervezeti egys\u00e9g feladata a Si\u00f3foki K\u00f3rh\u00e1z-Rendel\u0151int\u00e9zet \u00e9s az int\u00e9zm\u00e9nnyel szerz\u0151d\u00e9st k\u00f6t\u0151 munk\u00e1ltat\u00f3k dolgoz\u00f3inak foglalkoz\u00e1s-eg\u00e9szs\u00e9g\u00fcgyi alapell\u00e1t\u00e1sa. Foglalkoz\u00e1s-eg\u00e9szs\u00e9g\u00fcgyi alapell\u00e1t\u00e1si feladatok: Munkak\u00f6ri alkalmass\u00e1gi vizsg\u00e1latok A munkav\u00e9gz\u00e9s eg\u00e9szs\u00e9gk\u00e1ros\u00edt\u00f3 hat\u00e1sainak vizsg\u00e1lata \/javaslat a munk\u00e1ltat\u00f3k fel\u00e9. Munkak\u00f6r\u00fclm\u00e9nyekkel, higi\u00e9n\u00e9s feladatokkal kapcsolatos tan\u00e1csad\u00e1s. K\u00f6zrem\u0171k\u00f6d\u00e9s a munkahelyi vesz\u00e9lyforr\u00e1sok felt\u00e1r\u00e1s\u00e1ban. K\u00f6zrem\u0171k\u00f6d\u00e9s a foglalkoz\u00e1s-eg\u00e9szs\u00e9g\u00fcgyi-, fiziol\u00f3giai-, ergon\u00f3miai-, higi\u00e9n\u00e9s feladatok megold\u00e1s\u00e1ban. Foglalkoz\u00e1si megbeteged\u00e9s, fokozott expoz\u00edci\u00f3, [&hellip;]<\/p>\n","protected":false},"author":1,"featured_media":4710,"parent":0,"menu_order":0,"comment_status":"closed","ping_status":"closed","template":"","meta":{"_genesis_hide_title":false,"_genesis_hide_breadcrumbs":false,"_genesis_hide_singular_image":false,"_genesis_hide_footer_widgets":false,"_genesis_custom_body_class":"","_genesis_custom_post_class":"","_genesis_layout":"","footnotes":""},"class_list":{"0":"post-4121","1":"page","2":"type-page","3":"status-publish","4":"has-post-thumbnail","6":"entry"},"featured_image_src":"https:\/\/siokorhaz.hu\/wp-content\/uploads\/2025\/02\/Occupational-health-and-safety-services_800x600-600x400.jpg","featured_image_src_square":"https:\/\/siokorhaz.hu\/wp-content\/uploads\/2025\/02\/Occupational-health-and-safety-services_800x600-600x600.jpg","_links":{"self":[{"href":"https:\/\/siokorhaz.hu\/index.php?rest_route=\/wp\/v2\/pages\/4121","targetHints":{"allow":["GET"]}}],"collection":[{"href":"https:\/\/siokorhaz.hu\/index.php?rest_route=\/wp\/v2\/pages"}],"about":[{"href":"https:\/\/siokorhaz.hu\/index.php?rest_route=\/wp\/v2\/types\/page"}],"author":[{"embeddable":true,"href":"https:\/\/siokorhaz.hu\/index.php?rest_route=\/wp\/v2\/users\/1"}],"replies":[{"embeddable":true,"href":"https:\/\/siokorhaz.hu\/index.php?rest_route=%2Fwp%2Fv2%2Fcomments&post=4121"}],"version-history":[{"count":4,"href":"https:\/\/siokorhaz.hu\/index.php?rest_route=\/wp\/v2\/pages\/4121\/revisions"}],"predecessor-version":[{"id":6666,"href":"https:\/\/siokorhaz.hu\/index.php?rest_route=\/wp\/v2\/pages\/4121\/revisions\/6666"}],"wp:featuredmedia":[{"embeddable":true,"href":"https:\/\/siokorhaz.hu\/index.php?rest_route=\/wp\/v2\/media\/4710"}],"wp:attachment":[{"href":"https:\/\/siokorhaz.hu\/index.php?rest_route=%2Fwp%2Fv2%2Fmedia&parent=4121"}],"curies":[{"name":"wp","href":"https:\/\/api.w.org\/{rel}","templated":true}]}}