{"id":3905,"date":"2025-01-30T11:58:31","date_gmt":"2025-01-30T10:58:31","guid":{"rendered":"http:\/\/169.254.1.50\/?page_id=3905"},"modified":"2025-06-02T11:15:24","modified_gmt":"2025-06-02T11:15:24","slug":"surgossegi-osztaly","status":"publish","type":"page","link":"https:\/\/siokorhaz.hu\/?page_id=3905","title":{"rendered":"S\u00fcrg\u0151ss\u00e9gi betegell\u00e1t\u00e1s"},"content":{"rendered":"<p><strong>Oszt\u00e1ly \u00e1ltal\u00e1nos bemutat\u00e1sa<\/strong><\/p>\n<p>2016. m\u00e1jus 1-j\u00e9n a korszer\u0171 nemzetk\u00f6zi \u00e9s hazai szakmai elveknek \u00e9s szeml\u00e9letnek megfelel\u0151, \u00faj \u00e9p\u00edt\u00e9s\u0171 S\u00fcrg\u0151ss\u00e9gi Betegell\u00e1t\u00f3 Oszt\u00e1ly (SBO) kezdte meg m\u0171k\u00f6d\u00e9s\u00e9t k\u00f3rh\u00e1zunkban. Oszt\u00e1lyunk feladata a s\u00fcrg\u0151s orvosi ell\u00e1t\u00e1st ig\u00e9nyl\u0151, ak\u00e1r az \u00e9letet vesz\u00e9lyeztet\u0151 betegs\u00e9ggel\/s\u00e9r\u00fcl\u00e9ssel rendelkez\u0151 betegek ell\u00e1t\u00e1sa, \u00e1llapotuk stabiliz\u00e1l\u00e1sa, tov\u00e1bbi k\u00f3rh\u00e1zi elhelyez\u00e9s ig\u00e9nye eset\u00e9n a beteg legmegfelel\u0151bb c\u00e9loszt\u00e1lyra (c\u00e9lint\u00e9zm\u00e9nybe) juttat\u00e1sa.<\/p>\n<p><strong>Szolg\u00e1ltat\u00e1sok<\/strong><\/p>\n<p>A s\u00fcrg\u0151s betegs\u00e9gek term\u00e9szet\u00e9t figyelembe v\u00e9ve oszt\u00e1lyunk heti 7 napon, napi 24 \u00f3r\u00e1ban, ak\u00e1r beutal\u00f3 n\u00e9lk\u00fcl is fogadja a hirtelen kialakult, vesz\u00e9lyesnek tekinthet\u0151 panaszokkal jelentkez\u0151 betegeket\/s\u00e9r\u00fclteket.<\/p>\n<p><strong>Oszt\u00e1ly m\u0171szerezetts\u00e9ge<\/strong><\/p>\n<p>Oszt\u00e1lyunkon a szakmai minimum felt\u00e9teleknek megfelel\u0151en rendelkez\u00e9sre \u00e1llnak az ell\u00e1t\u00e1shoz sz\u00fcks\u00e9ges eszk\u00f6z\u00f6k m\u0171szerek.<\/p>\n<p><strong>Betegfelv\u00e9tel rendje<\/strong><\/p>\n<p>A haz\u00e1nkban is elfogadott \u00e9s sz\u00e9lesk\u00f6r\u0171en haszn\u00e1lt oszt\u00e1lyoz\u00f3 rendszer (triage) alapj\u00e1n v\u00e9gezz\u00fck az ell\u00e1t\u00e1st, ami azt jelenti, hogy a s\u00falyosabb \u00e1llapot\u00fa betegek ker\u00fclnek el\u0151bb vizsg\u00e1latra, \u00e9s nem \u00e9rkez\u00e9si sorrend szerint t\u00f6rt\u00e9nik az ell\u00e1t\u00e1s. Amennyiben nem s\u00fcrget\u0151, feltehet\u0151en nem \u00e9letvesz\u00e9lyes panasza van, hosszabb v\u00e1rakoz\u00e1si id\u0151re kell sz\u00e1m\u00edtania.<br \/>Oszt\u00e1lyunkon, valamint a betegfelv\u00e9teli pultban is, a s\u00fcrg\u0151ss\u00e9gi szakter\u00fcleten \u00e9vtizedek \u00f3ta dolgoz\u00f3, kell\u0151 szakmai j\u00e1rtass\u00e1ggal b\u00edr\u00f3 orvosok \u00e9s szakdolgoz\u00f3k l\u00e1tj\u00e1k el a feladatokat.<\/p>\n<p>A betegfelv\u00e9telhez sz\u00fcks\u00e9ges:<\/p>\n<ul>\n<li>szem\u00e9lyi igazolv\u00e1ny<\/li>\n<li>lakc\u00edmk\u00e1rtya<\/li>\n<li>TAJ k\u00e1rtya<\/li>\n<\/ul>\n<p>bemutat\u00e1sa.<\/p>\n<p>Az oszt\u00e1ly munkat\u00e1rsai folyamatos k\u00e9pz\u00e9seken vesznek r\u00e9szt. Szakmai munk\u00e1nkat rendszeres min\u0151s\u00e9gellen\u0151rz\u00e9snek vetik al\u00e1 a betegbiztons\u00e1g, az ell\u00e1t\u00e1s hat\u00e9konys\u00e1ga, \u00e9s a betegel\u00e9gedetts\u00e9g szempontjai alapj\u00e1n. A k\u00f3rh\u00e1z t\u00e1rsoszt\u00e1lyaival g\u00f6rd\u00fcl\u00e9keny egy\u00fcttm\u0171k\u00f6d\u00e9st tudtunk kialak\u00edtani, mely oszt\u00e1lyunk m\u0171k\u00f6d\u00e9s\u00e9t hat\u00e9konyan seg\u00edtik. A s\u00fcrg\u0151ss\u00e9gire \u00e9rkez\u0151 betegek\/s\u00e9r\u00fcltek nem felt\u00e9tlen\u00fcl ker\u00fclnek k\u00f3rh\u00e1zi elhelyez\u00e9sre, a betegs\u00e9g\u00fck meg\u00e1llap\u00edt\u00e1s\u00e1hoz sz\u00fcks\u00e9ges diagnosztikus vizsg\u00e1latok elv\u00e9gz\u00e9s\u00e9t k\u00f6vet\u0151en gyakran otthonukba t\u00e1vozhatnak, vagy S\u00fcrg\u0151ss\u00e9gi Betegell\u00e1t\u00f3 Oszt\u00e1lyunkon max. 24 \u00f3r\u00e1s megfigyel\u00e9sre ker\u00fclhetnek fektet\u0151nkbe. Oszt\u00e1lyunkon k\u00f6zponti monitor rendszerrel ell\u00e1tott 9 \u00e1gyas fektet\u0151 helyis\u00e9gben \u00e1lland\u00f3 fel\u00fcgyelet mellett ker\u00fclnek a betegek megfigyel\u00e9sre.<\/p>\n<p>Oszt\u00e1lyunk m\u0171k\u00f6d\u00e9s\u00e9vel kapcsolatos \u00e9szrev\u00e9teleiket, tapasztalataikat \u00e9rdekl\u0151dve v\u00e1rjuk, oszt\u00e1lyunk m\u0171k\u00f6d\u00e9s\u00e9t, betegeink el\u00e9gedetts\u00e9g\u00e9t jav\u00edt\u00f3 sz\u00e1nd\u00e9kkal.<\/p>\n<p><strong>Munkat\u00e1rsak<\/strong><\/p>\n\n\n<div style=\"background-color:#f2f2f2;color:#32373c\" class=\"wp-block-genesis-blocks-gb-profile-box square gb-has-avatar gb-font-size-18 gb-block-profile gb-profile-columns\"><div class=\"gb-profile-column gb-profile-avatar-wrap\"><div class=\"gb-profile-image-wrap\"><figure class=\"gb-profile-image-square\"><img loading=\"lazy\" decoding=\"async\" width=\"540\" height=\"720\" class=\"gb-profile-avatar wp-image-6196\" src=\"https:\/\/siokorhaz.hu\/wp-content\/uploads\/2025\/05\/vajdam-topaz-face-upscale-4x-540x720-1.jpg\" alt=\"\" srcset=\"https:\/\/siokorhaz.hu\/wp-content\/uploads\/2025\/05\/vajdam-topaz-face-upscale-4x-540x720-1.jpg 540w, https:\/\/siokorhaz.hu\/wp-content\/uploads\/2025\/05\/vajdam-topaz-face-upscale-4x-540x720-1-225x300.jpg 225w\" sizes=\"auto, (max-width: 540px) 100vw, 540px\" \/><\/figure><\/div><\/div><div class=\"gb-profile-column gb-profile-content-wrap\"><h2 class=\"gb-profile-name\" style=\"color:#32373c\"><a>Dr. Vajda M\u00e1rk<\/a><\/h2><p class=\"gb-profile-title\" style=\"color:#32373c\">oszt\u00e1lyvezet\u0151 f\u0151orvos<\/p><div class=\"gb-profile-text\"><\/div><ul class=\"gb-social-links\"><\/ul><\/div><\/div>\n\n\n\n<div style=\"color:#ddd\" class=\"wp-block-genesis-blocks-gb-spacer gb-block-spacer gb-divider-solid gb-divider-size-1\"><hr style=\"height:30px\"\/><\/div>\n\n\n\n<div style=\"background-color:#f2f2f2;color:#32373c\" class=\"wp-block-genesis-blocks-gb-profile-box square gb-has-avatar gb-font-size-18 gb-block-profile gb-profile-columns\"><div class=\"gb-profile-column gb-profile-avatar-wrap\"><div class=\"gb-profile-image-wrap\"><figure class=\"gb-profile-image-square\"><img loading=\"lazy\" decoding=\"async\" width=\"225\" height=\"300\" class=\"gb-profile-avatar wp-image-6361\" src=\"https:\/\/siokorhaz.hu\/wp-content\/uploads\/2025\/06\/paksine-225x300-1.jpg\" alt=\"\"\/><\/figure><\/div><\/div><div class=\"gb-profile-column gb-profile-content-wrap\"><h2 class=\"gb-profile-name\" style=\"color:#32373c\"><a>Paksin\u00e9 Szab\u00f3 Szilvia<\/a><\/h2><p class=\"gb-profile-title\" style=\"color:#32373c\">oszt\u00e1lyvezet\u0151 f\u0151n\u0151v\u00e9r<\/p><div class=\"gb-profile-text\"><\/div><ul class=\"gb-social-links\"><\/ul><\/div><\/div>\n\n\n\n<h3 class=\"wp-block-heading\"><\/h3>\n\n\n\n<h3 class=\"wp-block-heading\"><\/h3>\n\n\n\n<h4 class=\"wp-block-heading\"><\/h4>\n\n\n\n<h4 class=\"wp-block-heading\">Si\u00f3foki K\u00f3rh\u00e1z-Rendel\u0151int\u00e9zet<\/h4>\n\n\n\n<p><a href=\"https:\/\/www.siokorhaz.hu\/osztalyok\/surgossegi_osztaly#\">8600 Si\u00f3fok, Semmelweis u. 1. E \u00e9p\u00fclet, 1. emelet<\/a><\/p>\n\n\n\n<p><a href=\"mailto:surgosseg@siokorhaz.hu\">surgosseg@siokorhaz.hu<\/a><\/p>\n\n\n\n<p><a href=\"+36 84 501-783\">+36 84 501-783<\/a><\/p>\n\n\n\n<p><strong>Rendel\u00e9si id\u0151:<\/strong><\/p>\n\n\n\n<p>a h\u00e9t minden napj\u00e1n, \u00e9jjel-nappal<\/p>\n","protected":false},"excerpt":{"rendered":"<p>Oszt\u00e1ly \u00e1ltal\u00e1nos bemutat\u00e1sa 2016. m\u00e1jus 1-j\u00e9n a korszer\u0171 nemzetk\u00f6zi \u00e9s hazai szakmai elveknek \u00e9s szeml\u00e9letnek megfelel\u0151, \u00faj \u00e9p\u00edt\u00e9s\u0171 S\u00fcrg\u0151ss\u00e9gi Betegell\u00e1t\u00f3 Oszt\u00e1ly (SBO) kezdte meg m\u0171k\u00f6d\u00e9s\u00e9t k\u00f3rh\u00e1zunkban. Oszt\u00e1lyunk feladata a s\u00fcrg\u0151s orvosi ell\u00e1t\u00e1st ig\u00e9nyl\u0151, ak\u00e1r az \u00e9letet vesz\u00e9lyeztet\u0151 betegs\u00e9ggel\/s\u00e9r\u00fcl\u00e9ssel rendelkez\u0151 betegek ell\u00e1t\u00e1sa, \u00e1llapotuk stabiliz\u00e1l\u00e1sa, tov\u00e1bbi k\u00f3rh\u00e1zi elhelyez\u00e9s ig\u00e9nye eset\u00e9n a beteg legmegfelel\u0151bb c\u00e9loszt\u00e1lyra (c\u00e9lint\u00e9zm\u00e9nybe) juttat\u00e1sa. Szolg\u00e1ltat\u00e1sok [&hellip;]<\/p>\n","protected":false},"author":1,"featured_media":6359,"parent":0,"menu_order":0,"comment_status":"closed","ping_status":"closed","template":"","meta":{"_genesis_hide_title":false,"_genesis_hide_breadcrumbs":false,"_genesis_hide_singular_image":false,"_genesis_hide_footer_widgets":false,"_genesis_custom_body_class":"","_genesis_custom_post_class":"","_genesis_layout":"","footnotes":""},"class_list":{"0":"post-3905","1":"page","2":"type-page","3":"status-publish","4":"has-post-thumbnail","6":"entry"},"featured_image_src":"https:\/\/siokorhaz.hu\/wp-content\/uploads\/2025\/06\/Emergency_Trauma_and_Critical_Care_EVMS_Medical_Group-600x400.webp","featured_image_src_square":"https:\/\/siokorhaz.hu\/wp-content\/uploads\/2025\/06\/Emergency_Trauma_and_Critical_Care_EVMS_Medical_Group-600x600.webp","_links":{"self":[{"href":"https:\/\/siokorhaz.hu\/index.php?rest_route=\/wp\/v2\/pages\/3905","targetHints":{"allow":["GET"]}}],"collection":[{"href":"https:\/\/siokorhaz.hu\/index.php?rest_route=\/wp\/v2\/pages"}],"about":[{"href":"https:\/\/siokorhaz.hu\/index.php?rest_route=\/wp\/v2\/types\/page"}],"author":[{"embeddable":true,"href":"https:\/\/siokorhaz.hu\/index.php?rest_route=\/wp\/v2\/users\/1"}],"replies":[{"embeddable":true,"href":"https:\/\/siokorhaz.hu\/index.php?rest_route=%2Fwp%2Fv2%2Fcomments&post=3905"}],"version-history":[{"count":2,"href":"https:\/\/siokorhaz.hu\/index.php?rest_route=\/wp\/v2\/pages\/3905\/revisions"}],"predecessor-version":[{"id":6363,"href":"https:\/\/siokorhaz.hu\/index.php?rest_route=\/wp\/v2\/pages\/3905\/revisions\/6363"}],"wp:featuredmedia":[{"embeddable":true,"href":"https:\/\/siokorhaz.hu\/index.php?rest_route=\/wp\/v2\/media\/6359"}],"wp:attachment":[{"href":"https:\/\/siokorhaz.hu\/index.php?rest_route=%2Fwp%2Fv2%2Fmedia&parent=3905"}],"curies":[{"name":"wp","href":"https:\/\/api.w.org\/{rel}","templated":true}]}}