{"id":3848,"date":"2025-01-29T14:22:34","date_gmt":"2025-01-29T13:22:34","guid":{"rendered":"http:\/\/169.254.1.50\/?page_id=3848"},"modified":"2025-06-03T08:49:42","modified_gmt":"2025-06-03T08:49:42","slug":"kronikus-osztaly","status":"publish","type":"page","link":"https:\/\/siokorhaz.hu\/?page_id=3848","title":{"rendered":"Kr\u00f3nikus oszt\u00e1ly"},"content":{"rendered":"<p>Az oszt\u00e1ly a kr\u00f3nikus, hosszabb \u00e1pol\u00e1si id\u0151t ig\u00e9nyl\u0151 betegs\u00e9gben szenved\u0151knek ell\u00e1t\u00e1s\u00e1ban ny\u00fajt \u00e1tmeneti seg\u00edts\u00e9get. H\u00e1rom 6 \u00e1gyas \u00e9s egy 2 \u00e1gyas k\u00f3rteremmel rendelkez\u00fcnk, melyek l\u00e9gkondicion\u00e1ltak, mindegyikhez k\u00fcl\u00f6n f\u00fcrd\u0151szoba \u00e9s WC tartozik. A szem\u00e9lyes t\u00e1rgyak elhelyez\u00e9s\u00e9re egy \u00e9jjeliszekr\u00e9ny \u00e9s egy szekr\u00e9ny \u00e1ll rendelkez\u00e9sre. A k\u00f3rtermekben nincs telev\u00edzi\u00f3, TV n\u00e9z\u00e9si lehet\u0151s\u00e9g az oszt\u00e1ly folyos\u00f3j\u00e1n lehets\u00e9ges.<\/p>\n<p>Si\u00f3foki, \u00e1lland\u00f3 lakc\u00edmmel rendelkez\u0151 lakosok maxim\u00e1lisan 90 napot, az ell\u00e1t\u00e1si k\u00f6rzethez tartoz\u00f3k maximum 30 napot t\u00f6lthetnek oszt\u00e1lyunkon. Ig\u00e9ny szerint szoci\u00e1lis munk\u00e1sunk seg\u00edt a szoci\u00e1lis otthonba val\u00f3 elhelyez\u00e9ssel kapcsolatos inform\u00e1ci\u00f3k magad\u00e1s\u00e1val.<\/p>\n<p>Az oszt\u00e1lyr\u00f3l val\u00f3 t\u00e1voz\u00e1skor a beteget szakorvosi javaslatokkal, k\u00e9s\u0151bbi \u00e9letm\u00f3dj\u00e1ra, \u00e9letvitel\u00e9vel kapcsolatos tan\u00e1csokkal l\u00e1tjuk el.<\/p>\n<p><strong><em>T\u00e9r\u00edt\u00e9si d\u00edj:<\/em><\/strong> a felv\u00e9tel napj\u00e1t\u00f3l t\u00e9r\u00edt\u00e9si d\u00edj fizetend\u0151, melynek \u00f6sszege napi 800 Ft.<\/p>\n<p>A d\u00edjat 15 napra el\u0151re &#8211; Int\u00e9zm\u00e9ny\u00fcnk p\u00e9nzt\u00e1r\u00e1ban &#8211; szem\u00e9lyesen kell befizetni.<\/p>\n<p><strong>L\u00e1togat\u00e1si rend:<\/strong><\/p>\n<p>Az aj\u00e1nlott l\u00e1togat\u00e1si id\u0151 15.00-17.00-ig tart. K\u00e9rj\u00fck, hogy egy betegn\u00e9l kett\u0151n\u00e9l t\u00f6bb l\u00e1togat\u00f3 ne legyen!<\/p>\n<p>Amennyiben a fenti id\u0151pontban orvosi vizit, betegvizsg\u00e1lat vagy betegell\u00e1t\u00e1s sz\u00fcks\u00e9ges, k\u00e9rj\u00fck a l\u00e1togat\u00e1s felf\u00fcggeszt\u00e9s\u00e9t, a k\u00f3rterem elhagy\u00e1s\u00e1t!<\/p>\n<p><strong>Felvil\u00e1gos\u00edt\u00e1s a beteg \u00e1llapot\u00e1val kapcsolatban:<\/strong><\/p>\n<p>Szakdolgoz\u00f3 csak a beteg \u00e1ltal\u00e1nos \u00e1llapot\u00e1t \u00e9rint\u0151 k\u00e9rd\u00e9sekben adhat felvil\u00e1gos\u00edt\u00e1st!<\/p>\n<p>A beteg tov\u00e1bbi kezel\u00e9s\u00e9vel, ter\u00e1pi\u00e1j\u00e1val kapcsolatban szem\u00e9lyesen az oszt\u00e1lyvezet\u0151 f\u0151orvos \u00e9s a kezel\u0151orvos ad t\u00e1j\u00e9koztat\u00e1st a beteg \u00e1ltal megjel\u00f6lt szem\u00e9lynek.<\/p>\n<p><strong>SZOLG\u00c1LTAT\u00c1SOK:<\/strong><\/p>\n<p>2003 \u00e1prilisa \u00f3ta l\u00e1tjuk el az id\u00fclt belgy\u00f3gy\u00e1szati, ideggy\u00f3gy\u00e1szati \u00e9s\/vagy seb\u00e9szeti megbeteged\u00e9sben szenved\u0151ket 20 \u00e1gyon.<\/p>\n<p>Az eltelt id\u0151szakban sz\u00e1mtalan beteg\u00fcnk gy\u00f3gyul\u00e1s\u00e1hoz, \u00e1llapot\u00e1nak jav\u00edt\u00e1s\u00e1hoz j\u00e1rultunk hozz\u00e1, melyet a kis betegl\u00e9tsz\u00e1m miatt csal\u00e1dias k\u00f6rnyezet, a szem\u00e9lyzet tapasztalata is nagyban el\u0151seg\u00edt.<\/p>\n<p><strong>Higi\u00e9ne:<\/strong><\/p>\n<p>Az \u00e1pol\u00f3k seg\u00edts\u00e9get ny\u00fajtanak az alapvet\u0151 tiszt\u00e1lkod\u00e1si tev\u00e9kenys\u00e9gekben, naponta rendszeres f\u00fcrdet\u00e9s, hetente hajmos\u00e1s t\u00f6rt\u00e9nik. Fodr\u00e1szt sz\u00fcks\u00e9g eset\u00e9n tudunk biztos\u00edtani.<\/p>\n<p><strong>\u00c9tkez\u00e9s:<\/strong><\/p>\n<p>Az Int\u00e9zm\u00e9ny napi h\u00e1romszori vagy t\u00f6bbsz\u00f6ri \u00e9tkez\u00e9st biztos\u00edt a di\u00e9t\u00e1nak megfelel\u0151en, sz\u00fcks\u00e9g eset\u00e9n dietetikussal val\u00f3 konzult\u00e1ci\u00f3 biztos\u00edtott.<\/p>\n<p>K\u00e9rj\u00fck a kezel\u0151orvos \u00e1ltal el\u0151\u00edrt di\u00e9ta betart\u00e1s\u00e1t!<\/p>\n<p>Saj\u00e1t \u00e9lelmiszer elhelyez\u00e9s\u00e9re az oszt\u00e1ly folyos\u00f3j\u00e1n elhelyezett h\u0171t\u0151szekr\u00e9ny \u00e1ll rendelkez\u00e9sre.<\/p>\n<p><strong>\u00c9rt\u00e9kmeg\u0151rz\u00e9s:<\/strong><\/p>\n<p>Oszt\u00e1lyra ker\u00fcl\u00e9skor k\u00e9rj\u00fck, hogy k\u00e9szp\u00e9nzt, \u00e9rt\u00e9ket (p\u00e9nzt, bankk\u00e1rty\u00e1t, \u00e9kszert) ne hozzanak magukkal, mert ezek\u00e9rt nem tudunk felel\u0151ss\u00e9get v\u00e1llalni!<\/p>\n<p>Amennyiben m\u00e9gis van \u00e9rt\u00e9k a betegn\u00e9l, k\u00e9rj\u00fck jelezz\u00e9k, mert \u00e9rt\u00e9kmeg\u0151rz\u00e9sre helyben nem, csak a K\u00f3rh\u00e1z P\u00e9nzt\u00e1r\u00e1ban van lehet\u0151s\u00e9g .<\/p>\n<p><strong>Szoci\u00e1lis seg\u00edts\u00e9gny\u00fajt\u00e1s:<\/strong><\/p>\n<p>Szoci\u00e1lis otthonba val\u00f3 elhelyez\u00e9ssel kapcsolatban k\u00f3rh\u00e1zunk szoci\u00e1lis munk\u00e1sa k\u00e9szs\u00e9ggel ad t\u00e1j\u00e9koztat\u00e1st.<\/p>\n<p><strong>Vall\u00e1sgyakorl\u00e1s:<\/strong><\/p>\n<p>Vall\u00e1sgyakorl\u00e1sra az \u00f6kumenikus k\u00e1poln\u00e1ban van lehet\u0151s\u00e9g, hetente 1 alkalommal \u00f6nk\u00e9ntes seg\u00edt\u0151k, ferencesrendi ap\u00e1c\u00e1k l\u00e1togatj\u00e1k a betegeket.<\/p>\n<p><strong>OSZT\u00c1LY M\u0170SZEREZETTS\u00c9GE:<\/strong><\/p>\n<p>A magas sz\u00ednvonal\u00fa \u00e1pol\u00e1si tev\u00e9kenys\u00e9ghez, a betegek el\u00e9gedetts\u00e9g\u00e9hez nagyban hozz\u00e1j\u00e1rulnak a k\u00fcl\u00f6nb\u00f6z\u0151 k\u00e9nyelmi eszk\u00f6z\u00f6k (elektromos \u00e1gyak felfekv\u00e9st megel\u0151z\u0151 matracokkal, speci\u00e1lis matracok, kapaszkod\u00f3k, WC magas\u00edt\u00f3k).<\/p>\n<p>A betegek mobiliz\u00e1l\u00e1s\u00e1t sz\u00e1mtalan seg\u00e9deszk\u00f6z (t\u00e1mbotok, j\u00e1r\u00f3keretek, kerekessz\u00e9kek), \u00e9s gy\u00f3gytorn\u00e1sz is seg\u00edti.<\/p>\n<p>A betegek tiszt\u00e1lkod\u00e1s\u00e1n\u00e1l hajmos\u00f3 szett, f\u00fcrdet\u0151sz\u00e9k seg\u00edti a munk\u00e1nkat.<\/p>\n<p><strong>\u00a0<\/strong><\/p>\n<p><strong>BETEGFELV\u00c9TEL RENDJE:<\/strong><\/p>\n<p>A betegek felv\u00e9tele a K\u00f3rh\u00e1z fekv\u0151beteg oszt\u00e1lyair\u00f3l el\u0151zetes egyeztet\u00e9s\/helybiztos\u00edt\u00e1s alapj\u00e1n t\u00f6rt\u00e9nik az oszt\u00e1lyvezet\u0151 f\u0151orvos vagy az oszt\u00e1lyos orvos \u00e1ltal h\u00e9tf\u0151t\u0151l cs\u00fct\u00f6rt\u00f6kig 9.30 \u00e9s 15.00 \u00f3ra k\u00f6z\u00f6tt. H\u00e9tv\u00e9g\u00e9n \u00e9s \u00fcnnepnapon nincs betegfelv\u00e9tel \u00e9s elbocs\u00e1jt\u00e1s sem.<\/p>\n<p>A h\u00e1ziorvosi k\u00f6rzetb\u0151l, szakrendel\u00e9sr\u0151l, m\u00e1s int\u00e9zm\u00e9nyb\u0151l beteget beutalni \u2013 a f\u0151igazgat\u00f3 enged\u00e9ly\u00e9nek kiv\u00e9tel\u00e9vel &#8211; nem lehet.<\/p>\n<p>Minden akut \u00e1llapotrosszabbod\u00e1s eset\u00e9n, amikor a beteg biztons\u00e1gos ell\u00e1t\u00e1sa oszt\u00e1lyunkon nem megoldhat\u00f3, az illet\u00e9kes akut oszt\u00e1lyra helyezz\u00fck \u00e1t.<\/p>\n<p><strong>Betegfelv\u00e9telkor k\u00e9rj\u00fck az al\u00e1bbiakat behozni:<\/strong><\/p>\n<p>&#8211; a beteg \u00e1ltal szedett gy\u00f3gyszerek, pelenka<\/p>\n<p>&#8211; igazolv\u00e1nyok (szem\u00e9lyi, TAJ, lakc\u00edm, k\u00f6zgy\u00f3gy),<\/p>\n<p>&#8211; 2 db. k\u00fcl\u00f6nb\u00f6z\u0151 sz\u00edn\u0171 mosd\u00f3szivacs,<\/p>\n<p>&#8211; legal\u00e1bb 2 db. t\u00f6r\u00f6lk\u00f6z\u0151,<\/p>\n<p>&#8211; h\u00e1l\u00f3ing \/pizsamafels\u0151k\/ p\u00f3l\u00f3k,<\/p>\n<p>&#8211; k\u00f6nt\u00f6s,<\/p>\n<p>&#8211; f\u00e9s\u0171,<\/p>\n<p>&#8211; sampon,<\/p>\n<p>&#8211; tusf\u00fcrd\u0151,<\/p>\n<p>&#8211; hint\u0151por,<\/p>\n<p>&#8211; popsit\u00f6rl\u0151 kend\u0151,<\/p>\n<p>&#8211; mamusz vagy szand\u00e1l.<\/p>\n<p><strong>MUNKAT\u00c1RSAK:<\/strong><\/p>\n<p><strong>Dr. Varga Erika<\/strong> oszt\u00e1lyvezet\u0151 f\u0151orvos, belgy\u00f3gy\u00e1sz &#8211; gasztroenterol\u00f3gus szakorvos<\/p>\n<p><strong>Tak\u00e1czi Melinda<\/strong> oszt\u00e1lyvezet\u0151 f\u0151n\u0151v\u00e9r, diplom\u00e1s \u00e1pol\u00f3<\/p>\n<p>\u00a0<\/p>\n\n\n<div style=\"color:#ddd\" class=\"wp-block-genesis-blocks-gb-spacer gb-block-spacer gb-divider-solid gb-divider-size-1\"><hr style=\"height:30px\"\/><\/div>\n\n\n\n<div style=\"color:#ddd\" class=\"wp-block-genesis-blocks-gb-spacer gb-block-spacer gb-divider-solid gb-divider-size-1\"><hr style=\"height:30px\"\/><\/div>\n\n\n\n<div style=\"color:#32373c;background-color:#00d1b2\" class=\"wp-block-genesis-blocks-gb-notice gb-font-size-18 gb-block-notice\" data-id=\"5e5432\"><div class=\"gb-notice-text\" style=\"border-color:#00d1b2\"><div data-post-id=\"5360\" class=\"insert-page insert-page-5360 \"><h4>Kr\u00f3nikus Oszt\u00e1ly<\/h4><h6>Si\u00f3foki K\u00f3rh\u00e1z- Rendel\u0151int\u00e9zet<\/h6><p><a> 8600 Si\u00f3fok, Semmelweis u. 1. \u201eE\u201d \u00e9p\u00fclet, 2. emelet<\/a><\/p><p><a href=\"+36 84 501-748\">+36 84 501-748<\/a><\/p><p><a href=\"+36 84\/501\/700\u00a0 274-es mell\u00e9k.\">+36 84\/501\/700\u00a0 274-es mell\u00e9k.<\/a><\/p><p><a href=\"mailto:kronikus@siokorhaz.hu\">kronikus@siokorhaz.hu<\/a><\/p>\t\t\n\t\t\t\t\t\t\t\t\t\t\t\t\t\t\t<img loading=\"lazy\" decoding=\"async\" width=\"1024\" height=\"724\" src=\"https:\/\/siokorhaz.hu\/wp-content\/uploads\/2025\/01\/korhaz_epuletek-1024x724.png\" alt=\"\" srcset=\"https:\/\/siokorhaz.hu\/wp-content\/uploads\/2025\/01\/korhaz_epuletek-1024x724.png 1024w, https:\/\/siokorhaz.hu\/wp-content\/uploads\/2025\/01\/korhaz_epuletek-300x212.png 300w, https:\/\/siokorhaz.hu\/wp-content\/uploads\/2025\/01\/korhaz_epuletek-768x543.png 768w, https:\/\/siokorhaz.hu\/wp-content\/uploads\/2025\/01\/korhaz_epuletek-750x530.png 750w, https:\/\/siokorhaz.hu\/wp-content\/uploads\/2025\/01\/korhaz_epuletek-540x382.png 540w, https:\/\/siokorhaz.hu\/wp-content\/uploads\/2025\/01\/korhaz_epuletek.png 1110w\" sizes=\"auto, (max-width: 1024px) 100vw, 1024px\" \/><\/div>\n<\/div><\/div>\n","protected":false},"excerpt":{"rendered":"<p>Az oszt\u00e1ly a kr\u00f3nikus, hosszabb \u00e1pol\u00e1si id\u0151t ig\u00e9nyl\u0151 betegs\u00e9gben szenved\u0151knek ell\u00e1t\u00e1s\u00e1ban ny\u00fajt \u00e1tmeneti seg\u00edts\u00e9get. H\u00e1rom 6 \u00e1gyas \u00e9s egy 2 \u00e1gyas k\u00f3rteremmel rendelkez\u00fcnk, melyek l\u00e9gkondicion\u00e1ltak, mindegyikhez k\u00fcl\u00f6n f\u00fcrd\u0151szoba \u00e9s WC tartozik. A szem\u00e9lyes t\u00e1rgyak elhelyez\u00e9s\u00e9re egy \u00e9jjeliszekr\u00e9ny \u00e9s egy szekr\u00e9ny \u00e1ll rendelkez\u00e9sre. A k\u00f3rtermekben nincs telev\u00edzi\u00f3, TV n\u00e9z\u00e9si lehet\u0151s\u00e9g az oszt\u00e1ly folyos\u00f3j\u00e1n lehets\u00e9ges. Si\u00f3foki, \u00e1lland\u00f3 [&hellip;]<\/p>\n","protected":false},"author":1,"featured_media":6368,"parent":0,"menu_order":0,"comment_status":"closed","ping_status":"closed","template":"","meta":{"_genesis_hide_title":false,"_genesis_hide_breadcrumbs":false,"_genesis_hide_singular_image":false,"_genesis_hide_footer_widgets":false,"_genesis_custom_body_class":"","_genesis_custom_post_class":"","_genesis_layout":"","footnotes":""},"class_list":{"0":"post-3848","1":"page","2":"type-page","3":"status-publish","4":"has-post-thumbnail","6":"entry"},"featured_image_src":"https:\/\/siokorhaz.hu\/wp-content\/uploads\/2025\/06\/elderly_patient-600x400.jpg","featured_image_src_square":"https:\/\/siokorhaz.hu\/wp-content\/uploads\/2025\/06\/elderly_patient-600x600.jpg","_links":{"self":[{"href":"https:\/\/siokorhaz.hu\/index.php?rest_route=\/wp\/v2\/pages\/3848","targetHints":{"allow":["GET"]}}],"collection":[{"href":"https:\/\/siokorhaz.hu\/index.php?rest_route=\/wp\/v2\/pages"}],"about":[{"href":"https:\/\/siokorhaz.hu\/index.php?rest_route=\/wp\/v2\/types\/page"}],"author":[{"embeddable":true,"href":"https:\/\/siokorhaz.hu\/index.php?rest_route=\/wp\/v2\/users\/1"}],"replies":[{"embeddable":true,"href":"https:\/\/siokorhaz.hu\/index.php?rest_route=%2Fwp%2Fv2%2Fcomments&post=3848"}],"version-history":[{"count":2,"href":"https:\/\/siokorhaz.hu\/index.php?rest_route=\/wp\/v2\/pages\/3848\/revisions"}],"predecessor-version":[{"id":6412,"href":"https:\/\/siokorhaz.hu\/index.php?rest_route=\/wp\/v2\/pages\/3848\/revisions\/6412"}],"wp:featuredmedia":[{"embeddable":true,"href":"https:\/\/siokorhaz.hu\/index.php?rest_route=\/wp\/v2\/media\/6368"}],"wp:attachment":[{"href":"https:\/\/siokorhaz.hu\/index.php?rest_route=%2Fwp%2Fv2%2Fmedia&parent=3848"}],"curies":[{"name":"wp","href":"https:\/\/api.w.org\/{rel}","templated":true}]}}