{"id":2875,"date":"2025-01-21T15:05:40","date_gmt":"2025-01-21T14:05:40","guid":{"rendered":"http:\/\/169.254.1.50\/?page_id=2875"},"modified":"2025-05-29T11:35:43","modified_gmt":"2025-05-29T11:35:43","slug":"bemutatkozas","status":"publish","type":"page","link":"https:\/\/siokorhaz.hu\/?page_id=2875","title":{"rendered":"Bemutatkoz\u00e1s"},"content":{"rendered":"<div><strong>K\u00f3rh\u00e1zunk a Balaton f\u0151v\u00e1ros\u00e1ban, a sokak sz\u00e1m\u00e1ra kedvelt \u00fcd\u00fcl\u0151hely, Si\u00f3fok nyugati r\u00e9sz\u00e9n, kellemes parkos\u00edtott k\u00f6rnyezetben helyezkedik el.<\/strong><\/div>\n<div><strong>Az 1968-ban l\u00e9tes\u00fclt int\u00e9zm\u00e9ny, mely egyid\u0151s Si\u00f3fok v\u00e1ross\u00e1 avat\u00e1s\u00e1val, a folyamatos fejleszt\u00e9s eredm\u00e9nyek\u00e9nt ma meghat\u00e1roz\u00f3 helyet foglal el a ter\u00fclet betegeinek gy\u00f3gy\u00edt\u00e1s\u00e1ban.<\/strong><\/div>\n<div>\n<hr \/>\n<\/div>\n<div>\n<div>Az int\u00e9zm\u00e9ny a Balaton d\u00e9li partj\u00e1nak Balatonvil\u00e1gost\u00f3l Fony\u00f3dig terjed\u0151 szakasz\u00e1n \u00e9s Somogy megye hozz\u00e1rendelt t\u00f6bbi telep\u00fcl\u00e9s\u00e9n \u00e9l\u0151knek, valamint a szabads\u00e1gukat itt t\u00f6lt\u0151 turist\u00e1k \u00e9s id\u00e9nyjelleg\u0171 munkav\u00e1llal\u00f3k eg\u00e9szs\u00e9g\u00fcgyi ell\u00e1t\u00e1s\u00e1t v\u00e9gzi.<\/div>\n<div><\/div>\n<div>Az int\u00e9zm\u00e9ny 327 \u00e1gyon, 8 fekv\u0151beteg oszt\u00e1lyon, 15 szakm\u00e1ban, illetve 794 heti szakorvosi \u00f3rasz\u00e1mmal biztos\u00edtja a t\u00e9rs\u00e9g lakosai r\u00e9sz\u00e9re a fekv\u0151- \u00e9s j\u00e1r\u00f3beteg ell\u00e1t\u00e1st.<\/div>\n<div><\/div>\n<div>A k\u00f3rh\u00e1z oszt\u00e1lystrukt\u00far\u00e1ja, \u00e1gysz\u00e1ma, diagnosztikus szolg\u00e1ltat\u00e1sai, a j\u00e1r\u00f3beteg szakrendel\u00e9sek rendelkez\u00e9sre \u00e1ll\u00e1sa lek\u00e9pezi az ell\u00e1tand\u00f3 ter\u00fclet lakoss\u00e1g\u00e1nak sz\u00fcks\u00e9gleteit.<\/div>\n<div>A turizmus k\u00f6vetkezt\u00e9ben a k\u00f3rh\u00e1zunk ell\u00e1t\u00e1si ter\u00fclet\u00e9n a lakoss\u00e1g sz\u00e1ma f\u0151leg a ny\u00e1ri id\u0151szakban fluktu\u00e1l, az \u00e1lland\u00f3 lakosokon k\u00edv\u00fcl az ideiglenesen itt tart\u00f3zkod\u00f3 bel- \u00e9s k\u00fclf\u00f6ldi szem\u00e9lyek megfelel\u0151 szakmai sz\u00ednvonal\u00fa ell\u00e1t\u00e1s\u00e1t is biztos\u00edtanunk kell.<\/div>\n<div>Ezen betegek \u2013 akik \u00e1lland\u00f3 lak\u00f3hely\u00fck szerint nem tartoznak k\u00f3rh\u00e1zunk ell\u00e1t\u00e1si ter\u00fclet\u00e9be \u2013 \u00e1llapota az esetek nagy r\u00e9sz\u00e9ben akut seb\u00e9szeti ell\u00e1t\u00e1st ig\u00e9nyel.<\/div>\n<div>A seb\u00e9szeti oszt\u00e1ly m\u00e1trix rendszer\u00e9vel j\u00f3l alkalmazkodik a v\u00e1ltoz\u00f3 feladatokhoz, a hasi seb\u00e9szeti, traumatol\u00f3giai \u00e9s urol\u00f3giai szezon\u00e1lisan is v\u00e1ltoz\u00f3 ig\u00e9nyekhez. Megoldott a szeptikus betegek elk\u00fcl\u00f6n\u00edt\u00e9se is.<\/div>\n<div>A szervezeti egys\u00e9g 72 \u00e1gya h\u00e1rom szakma k\u00f6z\u00f6tt oszlik meg. A seb\u00e9szet 32 \u00e1gyon, a traumatol\u00f3gia \u00e9s az urol\u00f3gia 20-20 \u00e1gyon m\u0171k\u00f6dik.<\/div>\n<div><\/div>\n<div>A belgy\u00f3gy\u00e1szati m\u00e1trix oszt\u00e1ly (99 \u00e1gy) meghat\u00e1roz\u00f3 ell\u00e1t\u00f3 egys\u00e9ge a k\u00f3rh\u00e1znak. A szakma szerte\u00e1gaz\u00f3 ter\u00fcletei k\u00f6z\u00fcl a kardiol\u00f3giai (20 \u00e1gy) \u00e9s gasztroenterol\u00f3giai (24 \u00e1gy) ell\u00e1t\u00e1s emelhet\u0151 ki.<\/div>\n<div>Az ut\u00f3bbi id\u0151ben a dial\u00edzis \u00e1llom\u00e1s m\u0171k\u00f6d\u00e9se \u00f3ta nagyobb teret kap a vese \u00e9s anyagcsere betegek ell\u00e1t\u00e1sa, \u00edgy a m\u00e1trix oszt\u00e1lyon bel\u00fcl rendelkez\u00fcnk 5 nephrol\u00f3giai \u00e1ggyal is. A szervezeti egys\u00e9g keretei k\u00f6z\u00f6tt j\u00f3l m\u0171k\u00f6dik a cukorbetegek gondoz\u00e1sa is.<\/div>\n<div><\/div>\n<div>A sz\u00fcl\u00e9szeti-n\u0151gy\u00f3gy\u00e1szati oszt\u00e1ly 40 \u00e1gyon l\u00e1tja el a ter\u00fclet\u00e9hez tartoz\u00f3 lakoss\u00e1got. A sz\u00fcl\u0151szoba 2007. \u00e9vben t\u00f6rt\u00e9nt fel\u00faj\u00edt\u00e1sa k\u00f6vetkezt\u00e9ben a korszer\u0171 sz\u00fcl\u00e9szeti ell\u00e1t\u00e1snak megfelel\u0151 sz\u00fcl\u0151szobai felt\u00e9telek megteremt\u00e9se megt\u00f6rt\u00e9nt.<\/div>\n<div><\/div>\n<div>A jelenlegi, oszt\u00e1lyhoz kapcsol\u00f3d\u00f3 seb\u00e9szeti \u00e9s n\u0151gy\u00f3gy\u00e1szati m\u0171t\u0151 helyett a TIOP 2.2.4. p\u00e1ly\u00e1zat keret\u00e9ben megval\u00f3sul\u00f3 k\u00f6zponti m\u0171t\u0151blokk fogja biztos\u00edtani a magas sz\u00ednvonal\u00fa ell\u00e1t\u00e1st, korszer\u0171 \u00e9s centraliz\u00e1lt m\u0171t\u0151szolg\u00e1ltat\u00e1st.<\/div>\n<div><\/div>\n<div>Az akut, \u00e9letvesz\u00e9lyes \u00e1llapot\u00fa betegeink kezel\u00e9s\u00e9t az intenz\u00edv oszt\u00e1ly v\u00e9gzi 8 \u00e1gyon. Infrastrukt\u00far\u00e1j\u00e1nak korszer\u0171s\u00edt\u00e9s\u00e9re a jelenleg folyamatban l\u00e9v\u0151 p\u00e1ly\u00e1zat keret\u00e9ben ker\u00fcl sor.<\/div>\n<div><\/div>\n<div>A Neurol\u00f3giai Oszt\u00e1ly jelenleg 30 \u00e1ggyal m\u0171k\u00f6dik.<\/div>\n<div>A F\u00fcl-Orr-G\u00e9g\u00e9szeti Oszt\u00e1ly 14 \u00e1gy\u00e1n a szakmailag kis \u00e9s k\u00f6zepes beavatkoz\u00e1soknak megfelel\u0151 betegell\u00e1t\u00e1s folyik, n\u00e9h\u00e1ny nagyobb m\u0171t\u00e9t v\u00e9gz\u00e9s\u00e9hez speci\u00e1lis k\u00e9pzetts\u00e9g\u0171 szakembereket vesznek ig\u00e9nybe.<\/div>\n<div>A Szem\u00e9szeti Oszt\u00e1ly 2012. j\u00falius 01. napj\u00e1val megsz\u0171nt, helyette egynapos szem\u00e9szeti ell\u00e1t\u00e1s m\u0171k\u00f6dik.<\/div>\n<div>A jelenlegi szem\u00e9szeti \u00e9s f\u00fcl-orr-g\u00e9g\u00e9szeti m\u0171t\u0151 helyett a megval\u00f3sul\u00f3 k\u00f6zponti m\u0171t\u0151 \u00e9s m\u0171szerbeszerz\u00e9s teremti meg a korszer\u0171 szem\u00e9szeti \u00e9s f\u00fcl-orr-g\u00e9g\u00e9szeti m\u0171t\u00e9tek v\u00e9gz\u00e9s\u00e9nek lehet\u0151s\u00e9g\u00e9t.<\/div>\n<div><\/div>\n<div>A gyermekgy\u00f3gy\u00e1szati oszt\u00e1ly 33 \u00e1gyon, ezen bel\u00fcl 4 \u00e1gyon gyermek f\u00fcl-orr-g\u00e9gegy\u00f3gy\u00e1szati ell\u00e1t\u00e1st biztos\u00edt. Ambulanci\u00e1ja az oszt\u00e1lyr\u00f3l folyamatos k\u00e9szenl\u00e9tet l\u00e1t el.<\/div>\n<div><\/div>\n<div>Az Int\u00e9zm\u00e9ny 23 \u00e1gyon v\u00e9gez kr\u00f3nikus belgy\u00f3gy\u00e1szati ell\u00e1t\u00e1st. Ell\u00e1t\u00e1si ter\u00fclete kiz\u00e1r\u00f3lag Si\u00f3fok v\u00e1ros ter\u00fclet\u00e9re terjed ki.<\/div>\n<div><\/div>\n<div>A j\u00e1r\u00f3betegek szakell\u00e1t\u00e1sa az e c\u00e9lra kialak\u00edtott rendel\u0151inkben t\u00f6rt\u00e9nik. A folyamatos ell\u00e1t\u00e1st a S\u00fcrg\u0151ss\u00e9gi Betegfogad\u00f3hely biztos\u00edtja a nap 24 \u00f3r\u00e1j\u00e1ban.<\/div>\n<div>A szolg\u00e1ltat\u00e1st ig\u00e9nybevev\u0151k r\u00e9sz\u00e9re a betegsz\u00fcks\u00e9gletnek megfelel\u0151 fizikoter\u00e1pi\u00e1s \u00e9s gy\u00f3gytorna kezel\u00e9sek kivitelez\u00e9s\u00e9re van lehet\u0151s\u00e9g.<\/div>\n<div>A gy\u00f3gy\u00edt\u00f3 egys\u00e9gek munk\u00e1j\u00e1t korszer\u0171 laborat\u00f3riumi \u00e9s k\u00e9palkot\u00f3 diagnosztikai egys\u00e9gek seg\u00edtik.<\/div>\n<div>A radiol\u00f3giai oszt\u00e1ly megfelel\u0151 technik\u00e1val felszerelt eszk\u00f6zeivel \u00e9s a rendelkez\u00e9sre \u00e1ll\u00f3 szakemberekkel probl\u00e9mamentesen l\u00e1tja el feladat\u00e1t, \u00e9s a labordiagnosztikai (klinikai \u00e9s bakteriol\u00f3giai, szerol\u00f3gia, citol\u00f3gia) szolg\u00e1ltat\u00e1sok sz\u00e9les k\u00f6re is biztos\u00edtott. A patol\u00f3giai oszt\u00e1ly a sz\u00f6vettani vizsg\u00e1latok v\u00e9gz\u00e9s\u00e9re helyezi a hangs\u00falyt.<\/div>\n<div>A gondoz\u00e1sra szorul\u00f3 betegeink r\u00e9sz\u00e9re a k\u00f3rh\u00e1z h\u00e1rom gondoz\u00f3t (pszichi\u00e1triai, b\u0151r-\u00e9s nemibeteg, valamint t\u00fcd\u0151gondoz\u00f3) m\u0171k\u00f6dtet.<\/div>\n<div>Orvostechnol\u00f3giai eszk\u00f6zeink \u2013 folyamatos fel\u00fclvizsg\u00e1lat mellett \u2013 a betegbiztons\u00e1got teljes m\u00e9rt\u00e9kben kiel\u00e9g\u00edtik.<\/div>\n<div><\/div>\n<div>A j\u00e1r\u00f3beteg-ell\u00e1t\u00e1sban, a TIOP 2.2.4. p\u00e1ly\u00e1zat megval\u00f3s\u00edt\u00e1s\u00e1val a kor sz\u00ednvonal\u00e1nak megfelel\u0151 egys\u00e9ges, komplex betegir\u00e1ny\u00edt\u00e1si rendszer kialak\u00edt\u00e1s\u00e1ra ker\u00fcl sor. Ennek c\u00e9lja, hogy z\u00f6kken\u0151mentess\u00e9 tegye a betegforgalmat, cs\u00f6kkentse a v\u00e1rakoz\u00e1si id\u0151t, valamint tervezhet\u0151v\u00e9 \u00e9s maxim\u00e1lisan kihaszn\u00e1ltt\u00e1 tegye a kapacit\u00e1sokat.<\/div>\n<div><\/div>\n<div>Informatikai h\u00e1l\u00f3zatunk alkalmas a k\u00f3rh\u00e1zi munk\u00e1t t\u00e1mogat\u00f3 adatkezel\u00e9sre \u00e9s adattov\u00e1bb\u00edt\u00e1sra, \u00e9s hozz\u00e1f\u00e9rhet\u0151 h\u00e1ziorvosok sz\u00e1m\u00e1ra is. Ki\u00e9p\u00fclt az intranet k\u00f3rh\u00e1zi h\u00e1l\u00f3zata, valamint a \u201eh\u00edrlev\u00e9l\u201d szolg\u00e1ltat\u00e1s, mely a bels\u0151 kommunik\u00e1ci\u00f3 korszer\u0171 form\u00e1j\u00e1t jelenti a vezet\u00e9s \u00e9s az oszt\u00e1lyok k\u00f6z\u00f6tt.<\/div>\n<div><\/div>\n<div>A Magyar Szabv\u00e1ny\u00fcgyi Test\u00fclet 2003. \u00e9vben tan\u00fas\u00edtotta int\u00e9zm\u00e9ny\u00fcnk integr\u00e1lt min\u0151s\u00e9gir\u00e1ny\u00edt\u00e1si rendszer\u00e9t, amely az MSZ EN ISO 9001:2001 \u00e9s a K\u00f3rh\u00e1zi Ell\u00e1t\u00e1si Standardok k\u00e9zik\u00f6nyv 2.0 v\u00e1ltozat\u00e1ra terjedt ki. Folyamatosan fejlesztve szakmai folyamatainkat, 2006-ban a J\u00e1r\u00f3beteg Ell\u00e1t\u00e1si Standardok, majd 2007-ben a Magyar Eg\u00e9szs\u00e9g\u00fcgyi Ell\u00e1t\u00e1si Standardok k\u00e9zik\u00f6nyv szerinti m\u0171k\u00f6d\u00e9s tan\u00fas\u00edt\u00e1s\u00e1ra is sor ker\u00fclt. 2009. \u00e9vben az MSZ EN ISO 9001:2009 szabv\u00e1ny \u00e1ltal bevezetett v\u00e1ltoztat\u00e1sok rendszerbe \u00e9p\u00edt\u00e9se is megt\u00f6rt\u00e9nt.<\/div>\n<div><\/div>\n<div>Az int\u00e9zm\u00e9ny az infrastruktur\u00e1lis fejl\u0151d\u00e9s\u00e9nek biztos\u00edt\u00e1sa \u00e9rdek\u00e9ben m\u00e1r t\u00f6bb uni\u00f3s p\u00e1ly\u00e1zatot is beny\u00fajtott, melyek \u2013 TIOP 2.2.2. S\u00fcrg\u0151ss\u00e9gi ell\u00e1t\u00e1s fejleszt\u00e9se p\u00e1ly\u00e1zat, TIOP-2.2.4\/09\/1 Strukt\u00farav\u00e1ltoztat\u00e1st t\u00e1mogat\u00f3 infrastrukt\u00farafejleszt\u00e9s a fekv\u0151beteg-szakell\u00e1t\u00e1sban \u2013 sikeres eredm\u00e9nyt \u00e9rtek el \u00e9s megval\u00f3s\u00edt\u00e1suk jelenleg folyamatban van.<\/div>\n<div>Mindemellett a KEOP &#8211; 2009 &#8211; 5.3.0\/A &#8211; \u00c9p\u00fcletenergetikai fejleszt\u00e9sek \u00e9s k\u00f6zvil\u00e1g\u00edt\u00e1s korszer\u0171s\u00edt\u00e9se p\u00e1ly\u00e1zati felh\u00edv\u00e1sra is ny\u00fajtott be p\u00e1ly\u00e1zatot, mely szint\u00e9n eredm\u00e9nyes volt. A 2012 janu\u00e1rj\u00e1ban megval\u00f3sult projekttel \u2013 melynek keret\u00e9ben ut\u00f3lagos k\u00fcls\u0151 \u00e9p\u00fcletszigetel\u00e9s, ny\u00edl\u00e1sz\u00e1r\u00f3csere \u00e9s f\u0171t\u00e9skorszer\u0171s\u00edt\u00e9s t\u00f6rt\u00e9nt \u2013 a k\u00f3rh\u00e1z k\u00fcls\u0151 megjelen\u00e9s\u00e9ben is meg\u00fajulhatott.<\/div>\n<div><\/div>\n<div>A k\u00f3rh\u00e1z valamennyi dolgoz\u00f3ja arra t\u00f6rekszik, hogy szolg\u00e1ltat\u00e1sainkat ig\u00e9nybevev\u0151k ell\u00e1t\u00e1sa a legmagasabb sz\u00ednvonalon t\u00f6rt\u00e9njen, el\u0151seg\u00edtve betegeink miel\u0151bbi gy\u00f3gyul\u00e1s\u00e1t, hogy el\u00e9gedetten t\u00e1vozzanak k\u00f3rh\u00e1zunkb\u00f3l \u00e9s bizalommal t\u00e9rjenek vissza esetleges panaszaikkal int\u00e9zm\u00e9ny\u00fcnkbe.<\/div>\n<\/div>\n","protected":false},"excerpt":{"rendered":"<p>K\u00f3rh\u00e1zunk a Balaton f\u0151v\u00e1ros\u00e1ban, a sokak sz\u00e1m\u00e1ra kedvelt \u00fcd\u00fcl\u0151hely, Si\u00f3fok nyugati r\u00e9sz\u00e9n, kellemes parkos\u00edtott k\u00f6rnyezetben helyezkedik el. Az 1968-ban l\u00e9tes\u00fclt int\u00e9zm\u00e9ny, mely egyid\u0151s Si\u00f3fok v\u00e1ross\u00e1 avat\u00e1s\u00e1val, a folyamatos fejleszt\u00e9s eredm\u00e9nyek\u00e9nt ma meghat\u00e1roz\u00f3 helyet foglal el a ter\u00fclet betegeinek gy\u00f3gy\u00edt\u00e1s\u00e1ban. Az int\u00e9zm\u00e9ny a Balaton d\u00e9li partj\u00e1nak Balatonvil\u00e1gost\u00f3l Fony\u00f3dig terjed\u0151 szakasz\u00e1n \u00e9s Somogy megye hozz\u00e1rendelt t\u00f6bbi telep\u00fcl\u00e9s\u00e9n [&hellip;]<\/p>\n","protected":false},"author":1,"featured_media":2709,"parent":0,"menu_order":0,"comment_status":"closed","ping_status":"closed","template":"","meta":{"_genesis_hide_title":false,"_genesis_hide_breadcrumbs":false,"_genesis_hide_singular_image":false,"_genesis_hide_footer_widgets":false,"_genesis_custom_body_class":"","_genesis_custom_post_class":"","_genesis_layout":"","footnotes":""},"class_list":{"0":"post-2875","1":"page","2":"type-page","3":"status-publish","4":"has-post-thumbnail","6":"entry"},"featured_image_src":"https:\/\/siokorhaz.hu\/wp-content\/uploads\/2025\/01\/x_IMG_0781-600x400.jpg","featured_image_src_square":"https:\/\/siokorhaz.hu\/wp-content\/uploads\/2025\/01\/x_IMG_0781-600x600.jpg","_links":{"self":[{"href":"https:\/\/siokorhaz.hu\/index.php?rest_route=\/wp\/v2\/pages\/2875","targetHints":{"allow":["GET"]}}],"collection":[{"href":"https:\/\/siokorhaz.hu\/index.php?rest_route=\/wp\/v2\/pages"}],"about":[{"href":"https:\/\/siokorhaz.hu\/index.php?rest_route=\/wp\/v2\/types\/page"}],"author":[{"embeddable":true,"href":"https:\/\/siokorhaz.hu\/index.php?rest_route=\/wp\/v2\/users\/1"}],"replies":[{"embeddable":true,"href":"https:\/\/siokorhaz.hu\/index.php?rest_route=%2Fwp%2Fv2%2Fcomments&post=2875"}],"version-history":[{"count":2,"href":"https:\/\/siokorhaz.hu\/index.php?rest_route=\/wp\/v2\/pages\/2875\/revisions"}],"predecessor-version":[{"id":6163,"href":"https:\/\/siokorhaz.hu\/index.php?rest_route=\/wp\/v2\/pages\/2875\/revisions\/6163"}],"wp:featuredmedia":[{"embeddable":true,"href":"https:\/\/siokorhaz.hu\/index.php?rest_route=\/wp\/v2\/media\/2709"}],"wp:attachment":[{"href":"https:\/\/siokorhaz.hu\/index.php?rest_route=%2Fwp%2Fv2%2Fmedia&parent=2875"}],"curies":[{"name":"wp","href":"https:\/\/api.w.org\/{rel}","templated":true}]}}